{"id":637,"date":"2017-10-23T16:28:35","date_gmt":"2017-10-23T14:28:35","guid":{"rendered":"https:\/\/nonscuoterlo.terredeshommes.it\/a-propos-de-nous\/"},"modified":"2024-01-11T17:38:07","modified_gmt":"2024-01-11T16:38:07","slug":"a-propos-de-nous","status":"publish","type":"page","link":"https:\/\/nonscuoterlo.terredeshommes.it\/fr\/a-propos-de-nous\/","title":{"rendered":"A propos de nous"},"content":{"rendered":"<p>[et_pb_section fb_built=\u00a0\u00bb1&Prime; fullwidth=\u00a0\u00bbon\u00a0\u00bb _builder_version=\u00a0\u00bb4.16&Prime; background_color=\u00a0\u00bb#2ea3f2&Prime; global_colors_info=\u00a0\u00bb{}\u00a0\u00bb][et_pb_fullwidth_header title=\u00a0\u00bbA propos de nous\u00a0\u00bb subhead=\u00a0\u00bbTerre des Hommes Italie\u00a0\u00bb admin_label=\u00a0\u00bbFullwidth Header\u00a0\u00bb _builder_version=\u00a0\u00bb4.16&Prime; max_width_tablet=\u00a0\u00bb50px\u00a0\u00bb global_colors_info=\u00a0\u00bb{}\u00a0\u00bb button_one_text_size__hover_enabled=\u00a0\u00bboff\u00a0\u00bb button_two_text_size__hover_enabled=\u00a0\u00bboff\u00a0\u00bb button_one_text_color__hover_enabled=\u00a0\u00bboff\u00a0\u00bb button_two_text_color__hover_enabled=\u00a0\u00bboff\u00a0\u00bb button_one_border_width__hover_enabled=\u00a0\u00bboff\u00a0\u00bb button_two_border_width__hover_enabled=\u00a0\u00bboff\u00a0\u00bb button_one_border_color__hover_enabled=\u00a0\u00bboff\u00a0\u00bb button_two_border_color__hover_enabled=\u00a0\u00bboff\u00a0\u00bb button_one_border_radius__hover_enabled=\u00a0\u00bboff\u00a0\u00bb button_two_border_radius__hover_enabled=\u00a0\u00bboff\u00a0\u00bb button_one_letter_spacing__hover_enabled=\u00a0\u00bboff\u00a0\u00bb button_two_letter_spacing__hover_enabled=\u00a0\u00bboff\u00a0\u00bb button_one_bg_color__hover_enabled=\u00a0\u00bboff\u00a0\u00bb button_two_bg_color__hover_enabled=\u00a0\u00bboff\u00a0\u00bb][\/et_pb_fullwidth_header][\/et_pb_section][et_pb_section fb_built=\u00a0\u00bb1&Prime; _builder_version=\u00a0\u00bb4.16&Prime; global_colors_info=\u00a0\u00bb{}\u00a0\u00bb][et_pb_row _builder_version=\u00a0\u00bb4.16&Prime; background_size=\u00a0\u00bbinitial\u00a0\u00bb background_position=\u00a0\u00bbtop_left\u00a0\u00bb background_repeat=\u00a0\u00bbrepeat\u00a0\u00bb global_colors_info=\u00a0\u00bb{}\u00a0\u00bb][et_pb_column type=\u00a0\u00bb4_4&Prime; _builder_version=\u00a0\u00bb4.16&Prime; custom_padding=\u00a0\u00bb|||\u00a0\u00bb global_colors_info=\u00a0\u00bb{}\u00a0\u00bb custom_padding__hover=\u00a0\u00bb|||\u00a0\u00bb][et_pb_text admin_label=\u00a0\u00bbText\u00a0\u00bb _builder_version=\u00a0\u00bb4.18.0&Prime; background_size=\u00a0\u00bbinitial\u00a0\u00bb background_position=\u00a0\u00bbtop_left\u00a0\u00bb background_repeat=\u00a0\u00bbrepeat\u00a0\u00bb hover_enabled=\u00a0\u00bb0&Prime; border_style=\u00a0\u00bbsolid\u00a0\u00bb global_colors_info=\u00a0\u00bb{}\u00a0\u00bb text_font_size=\u00a0\u00bb16px\u00a0\u00bb sticky_enabled=\u00a0\u00bb0&Prime;]<\/p>\n<h2>Terre des Hommes Italie<\/h2>\n<p><strong><img loading=\"lazy\" decoding=\"async\" class=\"alignleft size-full wp-image-101\" src=\"https:\/\/nonscuoterlo.terredeshommes.it\/wp-content\/uploads\/2017\/10\/logo_tdh-1.png\" alt=\"\" width=\"281\" height=\"60\"><\/strong> <strong>Depuis 1960 <\/strong>, <strong>Terre des Hommes<\/strong> est <strong>en premi\u00e8re ligne pour prot\u00e9ger les enfants du monde entier <\/strong>contre la violence, les abus et l&rsquo;exploitation et pour veiller \u00e0 ce que chaque enfant soit scolaris\u00e9, b\u00e9n\u00e9ficie d&rsquo;une \u00e9ducation informelle, re\u00e7oive des soins m\u00e9dicaux et re\u00e7oive de la nourriture.<\/p>\n<p>Avec la F\u00e9d\u00e9ration internationale Terre des Hommes, nous sommes pr\u00e9sents dans 67 pays avec 854 projets pour les enfants, nous travaillons en partenariat avec ECHO et nous sommes accr\u00e9dit\u00e9s aupr\u00e8s de l&rsquo;Union europ\u00e9enne, de l&rsquo;ONU, de l&rsquo;USAID et du minist\u00e8re italien des affaires \u00e9trang\u00e8res.<\/p>\n<p>En pr\u00e8s de 30 ans d&rsquo;activit\u00e9 en Italie, nous avons \u00e9t\u00e9 parmi les premiers \u00e0 nous engager dans la lutte contre la p\u00e9dophilie, \u00e0 d\u00e9noncer les abus et la violence \u00e0 l&rsquo;encontre des enfants et \u00e0 construire des alliances pour doter l&rsquo;Italie d&rsquo;instruments l\u00e9gislatifs contre le tourisme sexuel au d\u00e9triment des enfants.<\/p>\n<p>Aujourd&rsquo;hui, Terre des Hommes si\u00e8ge aux principales tables institutionnelles sur les politiques de protection de l&rsquo;enfance. Il est membre de l&rsquo;<strong>Observatoire pour la lutte contre la p\u00e9dophilie et la p\u00e9dopornographie<\/strong> du D\u00e9partement pour l&rsquo;\u00e9galit\u00e9 des chances &#8211; Pr\u00e9sidence du Conseil des ministres et de l&rsquo;<strong>Observatoire national de l&rsquo;enfance et de l&rsquo;adolescence<\/strong> du Minist\u00e8re du travail et de la politique sociale. Il participe aux travaux du <strong>Conseil du garant pour l&rsquo;enfance et l&rsquo;adolescence de la r\u00e9gion de Lombardie<\/strong>.<\/p>\n<p>Depuis 2014, en collaboration avec le LABANOF &#8211; Laboratoire d&rsquo;anthropologie m\u00e9dico-l\u00e9gale et d&rsquo;odontologie &#8211; de l&rsquo;Universit\u00e9 de Milan, il parraine le cours de formation avanc\u00e9e sur le<strong>\u00ab\u00a0diagnostic de la maltraitance et de la n\u00e9gligence envers les enfants<\/strong>\u00a0\u00bb ouvert aux \u00e9tudiants, aux m\u00e9decins g\u00e9n\u00e9ralistes et aux p\u00e9diatres.<\/p>\n<p>En 2016, il a pr\u00e9sent\u00e9 au S\u00e9nat le dossier <strong><br \/>\n  <em>La maltraitance des enfants. Un enjeu de sant\u00e9 publique\u00a0\u00bb.<\/em><br \/>\n<\/strong>Ce dossier a \u00e9t\u00e9 r\u00e9alis\u00e9 en collaboration avec un groupe d&rsquo;h\u00f4pitaux, dont la plupart constituent aujourd&rsquo;hui <strong>le premier R\u00e9seau hospitalier de pr\u00e9vention de la maltraitance des enfants<\/strong>, promu et formalis\u00e9 par un accord-cadre avec Terre des Hommes.<\/p>\n<div class=\"elementToProof ContentPasted0\">\n<p>L&rsquo;ann\u00e9e suivante, la campagne nationale<strong>\u00ab\u00a0DON&rsquo;T SHOCK IT !<\/strong>\u00a0\u00bb a \u00e9t\u00e9 lanc\u00e9e pour sensibiliser le grand public aux cons\u00e9quences graves de ce syndrome encore peu connu. En 2023, en collaboration avec le r\u00e9seau hospitalier, Terre des Hommes a r\u00e9alis\u00e9 la premi\u00e8re enqu\u00eate en Italie sur les enfants et les jeunes filles souffrant du syndrome du b\u00e9b\u00e9 secou\u00e9.<\/p>\n<p>&nbsp;<\/p>\n<\/div>\n<p>Pour plus d&rsquo;informations : <a href=\"http:\/\/www.terredeshommes.it\">www.terredeshommes.it<\/a><\/p>\n<div style=\"text-align: center;\"><\/div>\n<div style=\"clear: both;\">\n<div style=\"text-align: center;\"><\/div>\n<\/div>\n<p>[\/et_pb_text][\/et_pb_column][\/et_pb_row][et_pb_row _builder_version=\u00a0\u00bb4.18.0&Prime; _module_preset=\u00a0\u00bbdefault\u00a0\u00bb][et_pb_column _builder_version=\u00a0\u00bb4.18.0&Prime; _module_preset=\u00a0\u00bbdefault\u00a0\u00bb type=\u00a0\u00bb4_4&Prime;][et_pb_text _builder_version=\u00a0\u00bb4.18.0&Prime; _module_preset=\u00a0\u00bbdefault\u00a0\u00bb hover_enabled=\u00a0\u00bb0&Prime; sticky_enabled=\u00a0\u00bb0&Prime;]<\/p>\n<p><strong>R\u00e9seau hospitalier pour la pr\u00e9vention de la maltraitance des enfants :<\/strong><\/p>\n<p>[\/et_pb_text][\/et_pb_column][\/et_pb_row][et_pb_row column_structure=\u00a0\u00bb1_6,1_6,1_6,1_6,1_6,1_6&Prime; _builder_version=\u00a0\u00bb4.18.0&Prime; _module_preset=\u00a0\u00bbdefault\u00a0\u00bb global_colors_info=\u00a0\u00bb{}\u00a0\u00bb][et_pb_column type=\u00a0\u00bb1_6&Prime; _builder_version=\u00a0\u00bb4.18.0&Prime; _module_preset=\u00a0\u00bbdefault\u00a0\u00bb global_colors_info=\u00a0\u00bb{}\u00a0\u00bb][et_pb_image src=\u00a0\u00bbhttps:\/\/nonscuoterlo.terredeshommes.it\/wp-content\/uploads\/2023\/08\/buzzi.jpg\u00a0\u00bb title_text=\u00a0\u00bbbuzzi\u00a0\u00bb _builder_version=\u00a0\u00bb4.18.0&Prime; _module_preset=\u00a0\u00bbdefault\u00a0\u00bb hover_enabled=\u00a0\u00bb0&Prime; global_colors_info=\u00a0\u00bb{}\u00a0\u00bb sticky_enabled=\u00a0\u00bb0&Prime;][\/et_pb_image][\/et_pb_column][et_pb_column type=\u00a0\u00bb1_6&Prime; _builder_version=\u00a0\u00bb4.18.0&Prime; _module_preset=\u00a0\u00bbdefault\u00a0\u00bb global_colors_info=\u00a0\u00bb{}\u00a0\u00bb][et_pb_image src=\u00a0\u00bbhttps:\/\/nonscuoterlo.terredeshommes.it\/wp-content\/uploads\/2023\/08\/padova.jpg\u00a0\u00bb title_text=\u00a0\u00bbpadoue\u00a0\u00bb _builder_version=\u00a0\u00bb4.18.0&Prime; _module_preset=\u00a0\u00bbdefault\u00a0\u00bb hover_enabled=\u00a0\u00bb0&Prime; global_colors_info=\u00a0\u00bb{}\u00a0\u00bb sticky_enabled=\u00a0\u00bb0&Prime;][\/et_pb_image][\/et_pb_column][et_pb_column type=\u00a0\u00bb1_6&Prime; _builder_version=\u00a0\u00bb4.18.0&Prime; _module_preset=\u00a0\u00bbdefault\u00a0\u00bb global_colors_info=\u00a0\u00bb{}\u00a0\u00bb][et_pb_image src=\u00a0\u00bbhttps:\/\/nonscuoterlo.terredeshommes.it\/wp-content\/uploads\/2023\/08\/gaia-meyer.jpg\u00a0\u00bb title_text=\u00a0\u00bbgaia-meyer\u00a0\u00bb _builder_version=\u00a0\u00bb4.18.0&Prime; _module_preset=\u00a0\u00bbdefault\u00a0\u00bb hover_enabled=\u00a0\u00bb0&Prime; global_colors_info=\u00a0\u00bb{}\u00a0\u00bb sticky_enabled=\u00a0\u00bb0&Prime;][\/et_pb_image][\/et_pb_column][et_pb_column type=\u00a0\u00bb1_6&Prime; _builder_version=\u00a0\u00bb4.18.0&Prime; _module_preset=\u00a0\u00bbdefault\u00a0\u00bb global_colors_info=\u00a0\u00bb{}\u00a0\u00bb][et_pb_image src=\u00a0\u00bbhttps:\/\/nonscuoterlo.terredeshommes.it\/wp-content\/uploads\/2023\/08\/giada-bari.jpg\u00a0\u00bb title_text=\u00a0\u00bbgiada-bari\u00a0\u00bb _builder_version=\u00a0\u00bb4.18.0&Prime; _module_preset=\u00a0\u00bbdefault\u00a0\u00bb hover_enabled=\u00a0\u00bb0&Prime; global_colors_info=\u00a0\u00bb{}\u00a0\u00bb sticky_enabled=\u00a0\u00bb0&Prime;][\/et_pb_image][\/et_pb_column][et_pb_column type=\u00a0\u00bb1_6&Prime; _builder_version=\u00a0\u00bb4.18.0&Prime; _module_preset=\u00a0\u00bbdefault\u00a0\u00bb global_colors_info=\u00a0\u00bb{}\u00a0\u00bb][et_pb_image src=\u00a0\u00bbhttps:\/\/nonscuoterlo.terredeshommes.it\/wp-content\/uploads\/2023\/08\/gaslini-genova.jpg\u00a0\u00bb title_text=\u00a0\u00bbgaslini-genova\u00a0\u00bb _builder_version=\u00a0\u00bb4.18.0&Prime; _module_preset=\u00a0\u00bbdefault\u00a0\u00bb hover_enabled=\u00a0\u00bb0&Prime; global_colors_info=\u00a0\u00bb{}\u00a0\u00bb sticky_enabled=\u00a0\u00bb0&Prime;][\/et_pb_image][\/et_pb_column][et_pb_column type=\u00a0\u00bb1_6&Prime; _builder_version=\u00a0\u00bb4.18.0&Prime; _module_preset=\u00a0\u00bbdefault\u00a0\u00bb global_colors_info=\u00a0\u00bb{}\u00a0\u00bb][et_pb_image src=\u00a0\u00bbhttps:\/\/nonscuoterlo.terredeshommes.it\/wp-content\/uploads\/2023\/08\/torino.jpg\u00a0\u00bb _builder_version=\u00a0\u00bb4.18.0&Prime; _module_preset=\u00a0\u00bbdefault\u00a0\u00bb title_text=\u00a0\u00bbtorino\u00a0\u00bb hover_enabled=\u00a0\u00bb0&Prime; sticky_enabled=\u00a0\u00bb0&Prime;][\/et_pb_image][\/et_pb_column][\/et_pb_row][et_pb_row _builder_version=\u00a0\u00bb4.18.0&Prime; _module_preset=\u00a0\u00bbdefault\u00a0\u00bb global_colors_info=\u00a0\u00bb{}\u00a0\u00bb][et_pb_column type=\u00a0\u00bb4_4&Prime; _builder_version=\u00a0\u00bb4.18.0&Prime; _module_preset=\u00a0\u00bbdefault\u00a0\u00bb global_colors_info=\u00a0\u00bb{}\u00a0\u00bb][et_pb_text _builder_version=\u00a0\u00bb4.18.0&Prime; _module_preset=\u00a0\u00bbdefault\u00a0\u00bb global_colors_info=\u00a0\u00bb{}\u00a0\u00bb]<\/p>\n<p><strong>Sous le patronage de :<\/strong><\/p>\n<p>[\/et_pb_text][\/et_pb_column][\/et_pb_row][et_pb_row column_structure=\u00a0\u00bb1_5,1_5,1_5,1_5,1_5&Prime; _builder_version=\u00a0\u00bb4.18.0&Prime; _module_preset=\u00a0\u00bbdefault\u00a0\u00bb global_colors_info=\u00a0\u00bb{}\u00a0\u00bb][et_pb_column type=\u00a0\u00bb1_5&Prime; _builder_version=\u00a0\u00bb4.18.0&Prime; _module_preset=\u00a0\u00bbdefault\u00a0\u00bb global_colors_info=\u00a0\u00bb{}\u00a0\u00bb][et_pb_image src=\u00a0\u00bbhttps:\/\/nonscuoterlo.terredeshommes.it\/wp-content\/uploads\/2023\/08\/agia.jpg\u00a0\u00bb title_text=\u00a0\u00bbagia\u00a0\u00bb _builder_version=\u00a0\u00bb4.18.0&Prime; _module_preset=\u00a0\u00bbdefault\u00a0\u00bb global_colors_info=\u00a0\u00bb{}\u00a0\u00bb][\/et_pb_image][\/et_pb_column][et_pb_column type=\u00a0\u00bb1_5&Prime; _builder_version=\u00a0\u00bb4.18.0&Prime; _module_preset=\u00a0\u00bbdefault\u00a0\u00bb global_colors_info=\u00a0\u00bb{}\u00a0\u00bb][et_pb_image src=\u00a0\u00bbhttps:\/\/nonscuoterlo.terredeshommes.it\/wp-content\/uploads\/2023\/08\/aopi.jpg\u00a0\u00bb title_text=\u00a0\u00bbaopi\u00a0\u00bb _builder_version=\u00a0\u00bb4.18.0&Prime; _module_preset=\u00a0\u00bbdefault\u00a0\u00bb global_colors_info=\u00a0\u00bb{}\u00a0\u00bb][\/et_pb_image][\/et_pb_column][et_pb_column type=\u00a0\u00bb1_5&Prime; _builder_version=\u00a0\u00bb4.18.0&Prime; _module_preset=\u00a0\u00bbdefault\u00a0\u00bb global_colors_info=\u00a0\u00bb{}\u00a0\u00bb][et_pb_image src=\u00a0\u00bbhttps:\/\/nonscuoterlo.terredeshommes.it\/wp-content\/uploads\/2023\/08\/cnr.jpg\u00a0\u00bb title_text=\u00a0\u00bbcnr\u00a0\u00bb _builder_version=\u00a0\u00bb4.18.0&Prime; _module_preset=\u00a0\u00bbdefault\u00a0\u00bb global_colors_info=\u00a0\u00bb{}\u00a0\u00bb][\/et_pb_image][\/et_pb_column][et_pb_column type=\u00a0\u00bb1_5&Prime; _builder_version=\u00a0\u00bb4.18.0&Prime; _module_preset=\u00a0\u00bbdefault\u00a0\u00bb global_colors_info=\u00a0\u00bb{}\u00a0\u00bb][et_pb_image src=\u00a0\u00bbhttps:\/\/nonscuoterlo.terredeshommes.it\/wp-content\/uploads\/2023\/08\/simeup.jpg\u00a0\u00bb title_text=\u00a0\u00bbsimeup\u00a0\u00bb _builder_version=\u00a0\u00bb4.18.0&Prime; _module_preset=\u00a0\u00bbdefault\u00a0\u00bb global_colors_info=\u00a0\u00bb{}\u00a0\u00bb][\/et_pb_image][\/et_pb_column][et_pb_column type=\u00a0\u00bb1_5&Prime; _builder_version=\u00a0\u00bb4.18.0&Prime; _module_preset=\u00a0\u00bbdefault\u00a0\u00bb global_colors_info=\u00a0\u00bb{}\u00a0\u00bb][et_pb_image src=\u00a0\u00bbhttps:\/\/nonscuoterlo.terredeshommes.it\/wp-content\/uploads\/2023\/08\/sip.jpg\u00a0\u00bb title_text=\u00a0\u00bbgorg\u00e9e\u00a0\u00bb _builder_version=\u00a0\u00bb4.18.0&Prime; _module_preset=\u00a0\u00bbdefault\u00a0\u00bb global_colors_info=\u00a0\u00bb{}\u00a0\u00bb][\/et_pb_image][\/et_pb_column][\/et_pb_row][et_pb_row column_structure=\u00a0\u00bb1_2,1_2&Prime; _builder_version=\u00a0\u00bb4.16&Prime; background_size=\u00a0\u00bbinitial\u00a0\u00bb background_position=\u00a0\u00bbtop_left\u00a0\u00bb background_repeat=\u00a0\u00bbrepeat\u00a0\u00bb global_colors_info=\u00a0\u00bb{}\u00a0\u00bb][et_pb_column type=\u00a0\u00bb1_2&Prime; _builder_version=\u00a0\u00bb4.16&Prime; custom_padding=\u00a0\u00bb|||\u00a0\u00bb global_colors_info=\u00a0\u00bb{}\u00a0\u00bb custom_padding__hover=\u00a0\u00bb|||\u00a0\u00bb][et_pb_text admin_label=\u00a0\u00bbText\u00a0\u00bb _builder_version=\u00a0\u00bb4.16&Prime; background_size=\u00a0\u00bbinitial\u00a0\u00bb background_position=\u00a0\u00bbtop_left\u00a0\u00bb background_repeat=\u00a0\u00bbrepeat\u00a0\u00bb module_alignment=\u00a0\u00bbleft\u00a0\u00bb border_style=\u00a0\u00bbsolid\u00a0\u00bb global_colors_info=\u00a0\u00bb{}\u00a0\u00bb]<\/p>\n<h3>Elena Coppo<\/h3>\n<p><img loading=\"lazy\" decoding=\"async\" class=\"alignleft size-full wp-image-102\" src=\"https:\/\/nonscuoterlo.terredeshommes.it\/wp-content\/uploads\/2017\/10\/coppo_pic.jpg\" alt=\"\" width=\"150\" height=\"150\"><span class=\"s1\">N\u00e9 \u00e0 Turin, dipl\u00f4m\u00e9 en m\u00e9decine et en chirurgie et sp\u00e9cialis\u00e9 en p\u00e9diatrie, directeur m\u00e9dical de la p\u00e9diatrie \u00e0 l&rsquo;h\u00f4pital pour enfants Regina Margherita depuis 1999. Elle travaille dans le domaine de la <em>maltraitance des enfants<\/em> depuis 2006 et fait partie de l&rsquo;\u00e9quipe de Bambi depuis cette ann\u00e9e-l\u00e0 et en est devenue la responsable en 2014. Elle a donn\u00e9 de nombreux cours sur le sujet au niveau local et national.<\/span><br \/>\n[\/et_pb_text][\/et_pb_column][et_pb_column type=\u00a0\u00bb1_2&Prime; _builder_version=\u00a0\u00bb4.16&Prime; custom_padding=\u00a0\u00bb|||\u00a0\u00bb global_colors_info=\u00a0\u00bb{}\u00a0\u00bb custom_padding__hover=\u00a0\u00bb|||\u00a0\u00bb][et_pb_text admin_label=\u00a0\u00bbText\u00a0\u00bb _builder_version=\u00a0\u00bb4.16&Prime; background_size=\u00a0\u00bbinitial\u00a0\u00bb background_position=\u00a0\u00bbtop_left\u00a0\u00bb background_repeat=\u00a0\u00bbrepeat\u00a0\u00bb module_alignment=\u00a0\u00bbleft\u00a0\u00bb border_style=\u00a0\u00bbsolid\u00a0\u00bb global_colors_info=\u00a0\u00bb{}\u00a0\u00bb]<\/p>\n<h3>Lucia Romeo<\/h3>\n<p><span class=\"s1\"><img loading=\"lazy\" decoding=\"async\" class=\"alignleft size-full wp-image-103\" src=\"https:\/\/nonscuoterlo.terredeshommes.it\/wp-content\/uploads\/2017\/10\/romeo_pic.jpg\" alt=\"\" width=\"150\" height=\"150\">Sp\u00e9cialiste en p\u00e9diatrie, professeur contractuel \u00e0 l&rsquo;universit\u00e9 de Milan, m\u00e9decine l\u00e9gale. Il est membre du conseil d&rsquo;administration de la SISST (soci\u00e9t\u00e9 italienne pour le syndrome de stress post-traumatique) et collabore avec des ONG du monde entier dans le cadre de missions de projets de sant\u00e9 p\u00e9diatrique (Kenya, Inde, Sri Lanka, Br\u00e9sil). De 2009 \u00e0 f\u00e9vrier 2017, p\u00e9diatre \u00e0 la clinique Mangiagalli\/Policlinico de Milan. De f\u00e9vrier \u00e0 ce jour, p\u00e9diatre pour le projet de lutte contre la maltraitance \u00e0 l&rsquo;h\u00f4pital pour enfants Vittore Buzzi.<br \/>\n<\/span><span class=\"s1\">Conf\u00e9rencier dans de nombreux cours sur le sujet au niveau national et international.<\/span><br \/>\n[\/et_pb_text][\/et_pb_column][\/et_pb_row][et_pb_row column_structure=\u00a0\u00bb1_2,1_2&Prime; _builder_version=\u00a0\u00bb4.16&Prime; background_size=\u00a0\u00bbinitial\u00a0\u00bb background_position=\u00a0\u00bbtop_left\u00a0\u00bb background_repeat=\u00a0\u00bbrepeat\u00a0\u00bb global_colors_info=\u00a0\u00bb{}\u00a0\u00bb][et_pb_column type=\u00a0\u00bb1_2&Prime; _builder_version=\u00a0\u00bb4.16&Prime; custom_padding=\u00a0\u00bb|||\u00a0\u00bb global_colors_info=\u00a0\u00bb{}\u00a0\u00bb custom_padding__hover=\u00a0\u00bb|||\u00a0\u00bb][et_pb_text admin_label=\u00a0\u00bbText\u00a0\u00bb _builder_version=\u00a0\u00bb4.16&Prime; background_size=\u00a0\u00bbinitial\u00a0\u00bb background_position=\u00a0\u00bbtop_left\u00a0\u00bb background_repeat=\u00a0\u00bbrepeat\u00a0\u00bb module_alignment=\u00a0\u00bbleft\u00a0\u00bb border_style=\u00a0\u00bbsolid\u00a0\u00bb global_colors_info=\u00a0\u00bb{}\u00a0\u00bb]<\/p>\n<h3>Maria Grazia Foschino Barbaro<\/h3>\n<p class=\"p1\"><span class=\"s1\"><img loading=\"lazy\" decoding=\"async\" class=\"alignleft size-full wp-image-104\" src=\"https:\/\/nonscuoterlo.terredeshommes.it\/wp-content\/uploads\/2017\/10\/foschino_pic.jpg\" alt=\"\" width=\"150\" height=\"150\">Psychologue et psychoth\u00e9rapeute, elle dirige l&rsquo;unit\u00e9 d\u00e9partementale simple de PSYCHOLOGIE et GIADA (Groupe interdisciplinaire d&rsquo;assistance aux femmes et enfants maltrait\u00e9s) \u00e0 l&rsquo;h\u00f4pital universitaire Policlinico Giovanni XXIII de Bari. Il dirige l&rsquo;\u00e9cole de sp\u00e9cialisation en psychoth\u00e9rapie cognitive de Bari et est membre du conseil d&rsquo;administration de la CISMAI (Coordination italienne des services contre la maltraitance et les abus envers les enfants). Experte en applications cliniques de la th\u00e9orie de l&rsquo;attachement, elle est l&rsquo;auteur de nombreuses publications sur les traumatismes de l&rsquo;enfance, la psychopathologie du d\u00e9veloppement et les interventions de soutien \u00e0 la parentalit\u00e9.<\/span><\/p>\n<p>[\/et_pb_text][\/et_pb_column][et_pb_column type=\u00a0\u00bb1_2&Prime; _builder_version=\u00a0\u00bb4.16&Prime; custom_padding=\u00a0\u00bb|||\u00a0\u00bb global_colors_info=\u00a0\u00bb{}\u00a0\u00bb custom_padding__hover=\u00a0\u00bb|||\u00a0\u00bb][et_pb_text admin_label=\u00a0\u00bbText\u00a0\u00bb _builder_version=\u00a0\u00bb4.16&Prime; background_size=\u00a0\u00bbinitial\u00a0\u00bb background_position=\u00a0\u00bbtop_left\u00a0\u00bb background_repeat=\u00a0\u00bbrepeat\u00a0\u00bb module_alignment=\u00a0\u00bbleft\u00a0\u00bb border_style=\u00a0\u00bbsolid\u00a0\u00bb global_colors_info=\u00a0\u00bb{}\u00a0\u00bb]<\/p>\n<h3>Isabella Berlingerio<\/h3>\n<p><span class=\"s1\"><img loading=\"lazy\" decoding=\"async\" class=\"alignleft size-full wp-image-105\" src=\"https:\/\/nonscuoterlo.terredeshommes.it\/wp-content\/uploads\/2017\/10\/berlingerio_pic.jpg\" alt=\"\" width=\"150\" height=\"150\">Psychologue, psychoth\u00e9rapeute syst\u00e9mique, relationnel et familial, m\u00e9diateur familial et p\u00e9nal. GIADA (Groupe interdisciplinaire d&rsquo;assistance aux femmes et aux enfants maltrait\u00e9s) psychologue contractuel travaillant \u00e0 l&rsquo;unit\u00e9 d\u00e9partementale simple de PSYCHOLOGIE et GIADA \u00e0 l&rsquo;h\u00f4pital universitaire Policlinico Giovanni XXIII de Bari. Elle s&rsquo;occupe de psychopathologie du d\u00e9veloppement, de traumatisme infantile et de psychologie juridique ; elle est experte en jeu clinique Lousanne Trilogue. Juge honoraire \u00e0 la Cour de surveillance de Bari.<\/span><br \/>\n[\/et_pb_text][\/et_pb_column][\/et_pb_row][et_pb_row column_structure=\u00a0\u00bb1_2,1_2&Prime; _builder_version=\u00a0\u00bb4.16&Prime; background_size=\u00a0\u00bbinitial\u00a0\u00bb background_position=\u00a0\u00bbtop_left\u00a0\u00bb background_repeat=\u00a0\u00bbrepeat\u00a0\u00bb global_colors_info=\u00a0\u00bb{}\u00a0\u00bb][et_pb_column type=\u00a0\u00bb1_2&Prime; _builder_version=\u00a0\u00bb4.16&Prime; custom_padding=\u00a0\u00bb|||\u00a0\u00bb global_colors_info=\u00a0\u00bb{}\u00a0\u00bb custom_padding__hover=\u00a0\u00bb|||\u00a0\u00bb][et_pb_text admin_label=\u00a0\u00bbText\u00a0\u00bb _builder_version=\u00a0\u00bb4.16&Prime; background_size=\u00a0\u00bbinitial\u00a0\u00bb background_position=\u00a0\u00bbtop_left\u00a0\u00bb background_repeat=\u00a0\u00bbrepeat\u00a0\u00bb module_alignment=\u00a0\u00bbleft\u00a0\u00bb border_style=\u00a0\u00bbsolid\u00a0\u00bb global_colors_info=\u00a0\u00bb{}\u00a0\u00bb]<\/p>\n<h3>Stefania Losi<\/h3>\n<p class=\"p1\"><span class=\"s1\"><img loading=\"lazy\" decoding=\"async\" class=\"alignleft size-full wp-image-106\" src=\"https:\/\/nonscuoterlo.terredeshommes.it\/wp-content\/uploads\/2017\/10\/losi_pic.jpg\" alt=\"\" width=\"150\" height=\"150\"><\/span><span class=\"s1\">Elle est dipl\u00f4m\u00e9e en m\u00e9decine et en chirurgie et s&rsquo;est sp\u00e9cialis\u00e9e en p\u00e9diatrie \u00e0 l&rsquo;universit\u00e9 de Florence. Directeur m\u00e9dical de la p\u00e9diatrie \u00e0 l&rsquo;h\u00f4pital universitaire Meyer. Formation et exp\u00e9rience en gyn\u00e9cologie p\u00e9diatrique. Il travaille sur la maltraitance des enfants depuis 2002. Responsable du service GAIA (Child Abuse Adolescence Group) et du service d&rsquo;assistance GAIA. Depuis 2017, responsable chez A.O.U. Meyer du r\u00e9seau d&rsquo;entreprise Code Pink. Conf\u00e9rencier dans de nombreux cours sur le sujet au niveau r\u00e9gional et national.<br \/>\n<\/span><\/p>\n<p>[\/et_pb_text][\/et_pb_column][et_pb_column type=\u00a0\u00bb1_2&Prime; _builder_version=\u00a0\u00bb4.16&Prime; custom_padding=\u00a0\u00bb|||\u00a0\u00bb global_colors_info=\u00a0\u00bb{}\u00a0\u00bb custom_padding__hover=\u00a0\u00bb|||\u00a0\u00bb][et_pb_text admin_label=\u00a0\u00bbText\u00a0\u00bb _builder_version=\u00a0\u00bb4.16&Prime; background_size=\u00a0\u00bbinitial\u00a0\u00bb background_position=\u00a0\u00bbtop_left\u00a0\u00bb background_repeat=\u00a0\u00bbrepeat\u00a0\u00bb module_alignment=\u00a0\u00bbleft\u00a0\u00bb border_style=\u00a0\u00bbsolid\u00a0\u00bb global_colors_info=\u00a0\u00bb{}\u00a0\u00bb]<\/p>\n<h3>Cristina Cattaneo<\/h3>\n<p class=\"p1\"><span class=\"s1\"><img loading=\"lazy\" decoding=\"async\" class=\"alignleft size-thumbnail wp-image-100\" src=\"https:\/\/nonscuoterlo.terredeshommes.it\/wp-content\/uploads\/2017\/10\/cattaneo_pic-150x150.jpg\" alt=\"\" width=\"150\" height=\"150\" srcset=\"https:\/\/nonscuoterlo.terredeshommes.it\/wp-content\/uploads\/2017\/10\/cattaneo_pic-150x150.jpg 150w, https:\/\/nonscuoterlo.terredeshommes.it\/wp-content\/uploads\/2017\/10\/cattaneo_pic.jpg 200w\" sizes=\"(max-width: 150px) 100vw, 150px\" \/><\/span>Professeur titulaire de m\u00e9decine l\u00e9gale \u00e0 l&rsquo;universit\u00e9 de Milan et directeur du laboratoire d&rsquo;anthropologie l\u00e9gale et d&rsquo;odontologie (Labanof). Depuis 1997, elle est membre du service d&rsquo;aide aux victimes de violences sexuelles et domestiques (SVSeD) de la clinique Mangiagalli de Milan. Il s&rsquo;occupe des activit\u00e9s m\u00e9dico-l\u00e9gales concernant les victimes de mauvais traitements, de torture et les mineurs \u00e9trangers non accompagn\u00e9s. Depuis 2007, il travaille avec le Bureau du Commissaire extraordinaire du gouvernement pour les personnes disparues. Il est expert et conseiller technique dans ce domaine aupr\u00e8s de tribunaux et de parquets, y compris \u00e9trangers. Il est co-r\u00e9dacteur en chef de la revue Forensic Science International et membre du Forensic Advisory Board du CICR (Comit\u00e9 international de la Croix-Rouge).<\/p>\n<p>[\/et_pb_text][\/et_pb_column][\/et_pb_row][et_pb_row column_structure=\u00a0\u00bb1_2,1_2&Prime; _builder_version=\u00a0\u00bb4.16&Prime; background_size=\u00a0\u00bbinitial\u00a0\u00bb background_position=\u00a0\u00bbtop_left\u00a0\u00bb background_repeat=\u00a0\u00bbrepeat\u00a0\u00bb global_colors_info=\u00a0\u00bb{}\u00a0\u00bb][et_pb_column type=\u00a0\u00bb1_2&Prime; _builder_version=\u00a0\u00bb4.16&Prime; custom_padding=\u00a0\u00bb|||\u00a0\u00bb global_colors_info=\u00a0\u00bb{}\u00a0\u00bb custom_padding__hover=\u00a0\u00bb|||\u00a0\u00bb][et_pb_text admin_label=\u00a0\u00bbText\u00a0\u00bb _builder_version=\u00a0\u00bb4.16&Prime; background_size=\u00a0\u00bbinitial\u00a0\u00bb background_position=\u00a0\u00bbtop_left\u00a0\u00bb background_repeat=\u00a0\u00bbrepeat\u00a0\u00bb module_alignment=\u00a0\u00bbleft\u00a0\u00bb border_style=\u00a0\u00bbsolid\u00a0\u00bb global_colors_info=\u00a0\u00bb{}\u00a0\u00bb]<\/p>\n<h3>Melissa Rosa Rizzotto<\/h3>\n<p class=\"p1\"><span class=\"s1\"><img loading=\"lazy\" decoding=\"async\" class=\"alignleft size-full wp-image-147\" src=\"https:\/\/nonscuoterlo.terredeshommes.it\/wp-content\/uploads\/2017\/10\/melissa_pic.jpg\" alt=\"\" width=\"150\" height=\"150\">Chirurgien, sp\u00e9cialiste en m\u00e9decine communautaire (avec une th\u00e8se sur l&rsquo;estimation de l&rsquo;incidence du SBS \u00e0 l&rsquo;aide des cartes de sortie d&rsquo;h\u00f4pital), docteur en m\u00e9decine. Directeur m\u00e9dical du Centre r\u00e9gional pour le diagnostic des enfants maltrait\u00e9s de l&rsquo;Az.<\/span><span class=\"s1\">H\u00f4pital de Padoue. Depuis 2004, tuteur pour les cours du CdL de m\u00e9decine et de chirurgie de l&rsquo;universit\u00e9 de Padoue sur le diagnostic de la maltraitance. Il travaille dans le service sp\u00e9cialis\u00e9 du centre, o\u00f9 il effectue le diagnostic, les diagnostics diff\u00e9rentiels et le traitement des cas de suspicion de maltraitance et d&rsquo;abus (consultation interne\/externe\/\u00e0 distance pour d&rsquo;autres h\u00f4pitaux r\u00e9gionaux et non r\u00e9gionaux).<\/span><\/p>\n<p class=\"p1\"><span class=\"s1\">&nbsp;<\/span><\/p>\n<p class=\"p1\"><span class=\"s1\">&nbsp;&nbsp;&nbsp;&nbsp;&nbsp;&nbsp;&nbsp;&nbsp;&nbsp;&nbsp;&nbsp;&nbsp; &nbsp;&nbsp;&nbsp;&nbsp;&nbsp;&nbsp;&nbsp;&nbsp;&nbsp;&nbsp;&nbsp;&nbsp;&nbsp;&nbsp;&nbsp;&nbsp;&nbsp;&nbsp;&nbsp;&nbsp;&nbsp;&nbsp;&nbsp;&nbsp;&nbsp;&nbsp;&nbsp;&nbsp;&nbsp;&nbsp;&nbsp;&nbsp;&nbsp;&nbsp;&nbsp;&nbsp;&nbsp;&nbsp;&nbsp;&nbsp;&nbsp;&nbsp;&nbsp;&nbsp;&nbsp;&nbsp;&nbsp;&nbsp;&nbsp;&nbsp;&nbsp;&nbsp;&nbsp;&nbsp;&nbsp;&nbsp;&nbsp;&nbsp;&nbsp;&nbsp;&nbsp;&nbsp;&nbsp;&nbsp;&nbsp;&nbsp;&nbsp;&nbsp;&nbsp;&nbsp;&nbsp;&nbsp;&nbsp;&nbsp;&nbsp;&nbsp;&nbsp;&nbsp;&nbsp;&nbsp;&nbsp;&nbsp;&nbsp;&nbsp;&nbsp;&nbsp;&nbsp;&nbsp;&nbsp;&nbsp;&nbsp;&nbsp;&nbsp;&nbsp;&nbsp;&nbsp;&nbsp;&nbsp;&nbsp;&nbsp;&nbsp;&nbsp;&nbsp;&nbsp;&nbsp;&nbsp;&nbsp;&nbsp;&nbsp;&nbsp;&nbsp;&nbsp;<\/span><\/p>\n<p>[\/et_pb_text][\/et_pb_column][et_pb_column type=\u00a0\u00bb1_2&Prime; _builder_version=\u00a0\u00bb4.16&Prime; custom_padding=\u00a0\u00bb|||\u00a0\u00bb global_colors_info=\u00a0\u00bb{}\u00a0\u00bb custom_padding__hover=\u00a0\u00bb|||\u00a0\u00bb][et_pb_text admin_label=\u00a0\u00bbText\u00a0\u00bb _builder_version=\u00a0\u00bb4.16&Prime; background_size=\u00a0\u00bbinitial\u00a0\u00bb background_position=\u00a0\u00bbtop_left\u00a0\u00bb background_repeat=\u00a0\u00bbrepeat\u00a0\u00bb module_alignment=\u00a0\u00bbleft\u00a0\u00bb border_style=\u00a0\u00bbsolid\u00a0\u00bb global_colors_info=\u00a0\u00bb{}\u00a0\u00bb]<\/p>\n<h3>Martina Bua<\/h3>\n<p class=\"p1\"><span class=\"s1\"><img loading=\"lazy\" decoding=\"async\" class=\"alignleft size-full wp-image-148\" src=\"https:\/\/nonscuoterlo.terredeshommes.it\/wp-content\/uploads\/2017\/10\/bua_pic.jpg\" alt=\"\" width=\"150\" height=\"150\">Psychologue, psychoth\u00e9rapeute du d\u00e9veloppement et psychanalyste pour enfants. Sp\u00e9cialiste en neuropsychologie des troubles de l&rsquo;apprentissage (avec une th\u00e8se sur les r\u00e9sultats neuropsychologiques du SBS) et en observation des nourrissons (mod\u00e8le Tavistock). Sp\u00e9cialiste de la m\u00e9thode EMDR (Eye Movement Desensitisation). Comp\u00e9tence en mati\u00e8re d&rsquo;\u00e9coute m\u00e9dico-l\u00e9gale d&rsquo;enfants prot\u00e9g\u00e9s. Psychologue en chef \u00e0 l&rsquo;Az. H\u00f4pital de Padoue, travaille au Centre de diagnostic des enfants maltrait\u00e9s. Elle a travaill\u00e9 dans les services du NPI, les centres de placement familial, les centres de tutelle et en tant que CTU dans les tribunaux. La psychologue pour l&rsquo;urgence est intervenue pendant la phase post-s\u00e9isme en \u00c9milie-Romagne, dans les Abruzzes et dans le Latium.<\/span><\/p>\n<p>&nbsp;<\/p>\n<p>&nbsp;<\/p>\n<p class=\"p1\"><span class=\"s1\"> <\/span><\/p>\n<p class=\"p1\"><span class=\"s1\">                                                                                                                             <\/span><\/p>\n<p>[\/et_pb_text][\/et_pb_column][\/et_pb_row][\/et_pb_section]<\/p>\n","protected":false},"excerpt":{"rendered":"<p>Terre des Hommes Italie Depuis 1960 , Terre des Hommes est en premi\u00e8re ligne pour prot\u00e9ger les enfants du monde entier contre la violence, les abus et l&rsquo;exploitation et pour [&hellip;]<\/p>\n","protected":false},"author":2,"featured_media":0,"parent":0,"menu_order":0,"comment_status":"closed","ping_status":"closed","template":"","meta":{"_et_pb_use_builder":"on","_et_pb_old_content":"","_et_gb_content_width":"","_monsterinsights_skip_tracking":false,"_monsterinsights_sitenote_active":false,"_monsterinsights_sitenote_note":"","_monsterinsights_sitenote_category":0,"footnotes":""},"class_list":["post-637","page","type-page","status-publish","hentry"],"_links":{"self":[{"href":"https:\/\/nonscuoterlo.terredeshommes.it\/fr\/wp-json\/wp\/v2\/pages\/637","targetHints":{"allow":["GET"]}}],"collection":[{"href":"https:\/\/nonscuoterlo.terredeshommes.it\/fr\/wp-json\/wp\/v2\/pages"}],"about":[{"href":"https:\/\/nonscuoterlo.terredeshommes.it\/fr\/wp-json\/wp\/v2\/types\/page"}],"author":[{"embeddable":true,"href":"https:\/\/nonscuoterlo.terredeshommes.it\/fr\/wp-json\/wp\/v2\/users\/2"}],"replies":[{"embeddable":true,"href":"https:\/\/nonscuoterlo.terredeshommes.it\/fr\/wp-json\/wp\/v2\/comments?post=637"}],"version-history":[{"count":0,"href":"https:\/\/nonscuoterlo.terredeshommes.it\/fr\/wp-json\/wp\/v2\/pages\/637\/revisions"}],"wp:attachment":[{"href":"https:\/\/nonscuoterlo.terredeshommes.it\/fr\/wp-json\/wp\/v2\/media?parent=637"}],"curies":[{"name":"wp","href":"https:\/\/api.w.org\/{rel}","templated":true}]}}